{"id":78955,"date":"2026-03-26T11:44:16","date_gmt":"2026-03-26T11:44:16","guid":{"rendered":"https:\/\/www.alongavecanna.com\/?post_type=product&#038;p=78955"},"modified":"2026-04-29T09:01:13","modified_gmt":"2026-04-29T09:01:13","slug":"calendrier-de-lavent-golden-hour","status":"publish","type":"product","link":"https:\/\/www.alongavecanna.com\/fr\/produit\/calendrier-de-lavent-golden-hour\/","title":{"rendered":"Calendrier de l&rsquo;Avent &#8211; Golden Hour"},"content":{"rendered":"<p style=\"text-align: justify;\"><em><strong>Il s&rsquo;agit d&rsquo;une pr\u00e9commande pour notre calendrier de l&rsquo;Avent 2026.<\/strong><\/em><\/p>\n<p style=\"text-align: justify;\">Vous aurez le choix de 2 th\u00e8mes de coloris, dont celui-ci est :<\/p>\n<p style=\"text-align: justify;\">&#8211; Golden Hour<\/p>\n<p style=\"text-align: justify;\">Comme toujours, le nombre est limit\u00e9 &#8211; <strong data-start=\"945\" data-end=\"991\">r\u00e9servez votre calendrier avant qu&rsquo;il ne soit \u00e9puis\u00e9 !<\/strong> \ud83c\udf80<\/p>\n","protected":false},"excerpt":{"rendered":"<p style=\"text-align: justify;\"><em><strong>Il s&rsquo;agit d&rsquo;une pr\u00e9commande pour notre calendrier de l&rsquo;Avent 2026.<\/strong><\/em><\/p>\n<p data-start=\"247\" data-end=\"465\">Le th\u00e8me de cette ann\u00e9e, <strong data-start=\"266\" data-end=\"288\">Wrapped in Romance<\/strong>, est inspir\u00e9 par la dentelle vintage, les rubans doux et les tr\u00e9sors intemporels faits \u00e0 la main. Chaque projet a \u00e9t\u00e9 soigneusement con\u00e7u pour \u00e9voquer un sentiment de nostalgie et d&rsquo;\u00e9l\u00e9gance hivernale.<\/p>\n<p data-start=\"467\" data-end=\"738\">Notre calendrier de l&rsquo;Avent contient <strong data-start=\"535\" data-end=\"562\">quatre kits de tricot complets<\/strong> &#8211; un \u00e0 ouvrir chaque semaine de d\u00e9cembre. Chaque kit comprend tout ce dont vous avez besoin pour cr\u00e9er un magnifique projet, faisant du compte \u00e0 rebours vers No\u00ebl une exp\u00e9rience relaxante et cr\u00e9ative.<\/p>\n<p style=\"text-align: justify;\">Chaque calendrier comprend<\/p>\n<ul>\n<li style=\"text-align: justify;\">4 kits de tricot surprise<\/li>\n<li style=\"text-align: justify;\">4 nouveaux patrons d&rsquo;accessoires Along avec Anna (en anglais ou en fran\u00e7ais)<\/li>\n<li style=\"text-align: justify;\">Un total de 350g de notre fil Along avec Anna, dans plusieurs de nos bases en pelotes et en \u00e9cheveaux<\/li>\n<li style=\"text-align: justify;\">Des cadeaux surprises !<\/li>\n<\/ul>\n<p>&nbsp;<\/p>\n<p style=\"text-align: justify;\">Vous aurez le choix de 2 th\u00e8mes de coloris, dont celui-ci est :<\/p>\n<p style=\"text-align: justify;\">&#8211; <strong>Golden Hour <\/strong><\/p>\n<p style=\"text-align: justify;\">Comme toujours, le nombre est limit\u00e9 &#8211; <strong data-start=\"945\" data-end=\"991\">r\u00e9servez votre calendrier avant qu&rsquo;il ne soit \u00e9puis\u00e9 !<\/strong> \ud83c\udf80<\/p>\n<p style=\"text-align: justify;\">Les calendriers seront exp\u00e9di\u00e9s en octobre, bien \u00e0 temps pour ouvrir votre premier kit au d\u00e9but du mois de d\u00e9cembre.<\/p>\n<p style=\"text-align: justify;\">Notez qu&rsquo;\u00e9tant donn\u00e9 que le poids du colis devrait \u00eatre sup\u00e9rieur \u00e0 1 kg, nous ne proposons le service suivi pour ce produit que pour les commandes internationales, car il revient au m\u00eame prix que le service standard et est plus s\u00fbr.<\/p>\n","protected":false},"featured_media":78959,"comment_status":"open","ping_status":"closed","template":"","meta":[],"product_brand":[],"product_cat":[378,556,409],"product_tag":[],"class_list":{"0":"post-78955","1":"product","2":"type-product","3":"status-publish","4":"has-post-thumbnail","6":"product_cat-boutique","7":"product_cat-calendrier-de-lavent","8":"product_cat-nouveautes-fr","9":"product_shipping_class-small-parcel-advent-calendar-fr","11":"first","12":"instock","13":"sold-individually","14":"taxable","15":"shipping-taxable","16":"purchasable","17":"product-type-variable"},"yoast_head":"<!-- This site is optimized with the Yoast SEO plugin v27.5 - https:\/\/yoast.com\/product\/yoast-seo-wordpress\/ -->\n<title>Calendrier de l&#039;Avent - Golden Hour - Along Avec Anna<\/title>\n<meta name=\"robots\" content=\"index, follow, max-snippet:-1, max-image-preview:large, max-video-preview:-1\" \/>\n<link rel=\"canonical\" href=\"https:\/\/www.alongavecanna.com\/fr\/produit\/calendrier-de-lavent-golden-hour\/\" \/>\n<meta property=\"og:locale\" content=\"fr_FR\" \/>\n<meta property=\"og:type\" content=\"article\" \/>\n<meta property=\"og:title\" content=\"Calendrier de l&#039;Avent - Golden Hour - Along Avec Anna\" \/>\n<meta property=\"og:description\" content=\"Il s&#039;agit d&#039;une pr\u00e9commande pour notre calendrier de l&#039;Avent 2026. Le th\u00e8me de cette ann\u00e9e, Wrapped in Romance, est inspir\u00e9 par la dentelle vintage, les rubans doux et les tr\u00e9sors intemporels faits \u00e0 la main. Chaque projet a \u00e9t\u00e9 soigneusement con\u00e7u pour \u00e9voquer un sentiment de nostalgie et d&#039;\u00e9l\u00e9gance hivernale. Notre calendrier de l&#039;Avent contient quatre kits de tricot complets - un \u00e0 ouvrir chaque semaine de d\u00e9cembre. Chaque kit comprend tout ce dont vous avez besoin pour cr\u00e9er un magnifique projet, faisant du compte \u00e0 rebours vers No\u00ebl une exp\u00e9rience relaxante et cr\u00e9ative. Chaque calendrier comprend    4 kits de tricot surprise  4 nouveaux patrons d&#039;accessoires Along avec Anna (en anglais ou en fran\u00e7ais)  Un total de 350g de notre fil Along avec Anna, dans plusieurs de nos bases en pelotes et en \u00e9cheveaux  Des cadeaux surprises !  &nbsp; Vous aurez le choix de 2 th\u00e8mes de coloris, dont celui-ci est : - Golden Hour  Comme toujours, le nombre est limit\u00e9 - r\u00e9servez votre calendrier avant qu&#039;il ne soit \u00e9puis\u00e9 ! \ud83c\udf80 Les calendriers seront exp\u00e9di\u00e9s en octobre, bien \u00e0 temps pour ouvrir votre premier kit au d\u00e9but du mois de d\u00e9cembre. Notez qu&#039;\u00e9tant donn\u00e9 que le poids du colis devrait \u00eatre sup\u00e9rieur \u00e0 1 kg, nous ne proposons le service suivi pour ce produit que pour les commandes internationales, car il revient au m\u00eame prix que le service standard et est plus s\u00fbr.\" \/>\n<meta property=\"og:url\" content=\"https:\/\/www.alongavecanna.com\/fr\/produit\/calendrier-de-lavent-golden-hour\/\" \/>\n<meta property=\"og:site_name\" content=\"Along Avec Anna\" \/>\n<meta property=\"article:publisher\" content=\"https:\/\/facebook.com\/alongavecanna\" \/>\n<meta property=\"article:modified_time\" content=\"2026-04-29T09:01:13+00:00\" \/>\n<meta property=\"og:image\" content=\"https:\/\/www.alongavecanna.com\/wp-content\/uploads\/2026\/03\/Golden-Hour-724x1024.png\" \/>\n\t<meta property=\"og:image:width\" content=\"724\" \/>\n\t<meta property=\"og:image:height\" content=\"1024\" \/>\n\t<meta property=\"og:image:type\" content=\"image\/png\" \/>\n<meta name=\"twitter:card\" content=\"summary_large_image\" \/>\n<script type=\"application\/ld+json\" class=\"yoast-schema-graph\">{\"@context\":\"https:\\\/\\\/schema.org\",\"@graph\":[{\"@type\":\"WebPage\",\"@id\":\"https:\\\/\\\/www.alongavecanna.com\\\/fr\\\/produit\\\/calendrier-de-lavent-golden-hour\\\/\",\"url\":\"https:\\\/\\\/www.alongavecanna.com\\\/fr\\\/produit\\\/calendrier-de-lavent-golden-hour\\\/\",\"name\":\"Calendrier de l'Avent - Golden Hour - Along Avec Anna\",\"isPartOf\":{\"@id\":\"https:\\\/\\\/www.alongavecanna.com\\\/fr\\\/#website\"},\"primaryImageOfPage\":{\"@id\":\"https:\\\/\\\/www.alongavecanna.com\\\/fr\\\/produit\\\/calendrier-de-lavent-golden-hour\\\/#primaryimage\"},\"image\":{\"@id\":\"https:\\\/\\\/www.alongavecanna.com\\\/fr\\\/produit\\\/calendrier-de-lavent-golden-hour\\\/#primaryimage\"},\"thumbnailUrl\":\"https:\\\/\\\/www.alongavecanna.com\\\/wp-content\\\/uploads\\\/2026\\\/03\\\/Golden-Hour-scaled.png\",\"datePublished\":\"2026-03-26T11:44:16+00:00\",\"dateModified\":\"2026-04-29T09:01:13+00:00\",\"breadcrumb\":{\"@id\":\"https:\\\/\\\/www.alongavecanna.com\\\/fr\\\/produit\\\/calendrier-de-lavent-golden-hour\\\/#breadcrumb\"},\"inLanguage\":\"fr-FR\",\"potentialAction\":[{\"@type\":\"ReadAction\",\"target\":[\"https:\\\/\\\/www.alongavecanna.com\\\/fr\\\/produit\\\/calendrier-de-lavent-golden-hour\\\/\"]}]},{\"@type\":\"ImageObject\",\"inLanguage\":\"fr-FR\",\"@id\":\"https:\\\/\\\/www.alongavecanna.com\\\/fr\\\/produit\\\/calendrier-de-lavent-golden-hour\\\/#primaryimage\",\"url\":\"https:\\\/\\\/www.alongavecanna.com\\\/wp-content\\\/uploads\\\/2026\\\/03\\\/Golden-Hour-scaled.png\",\"contentUrl\":\"https:\\\/\\\/www.alongavecanna.com\\\/wp-content\\\/uploads\\\/2026\\\/03\\\/Golden-Hour-scaled.png\",\"width\":1810,\"height\":2560},{\"@type\":\"BreadcrumbList\",\"@id\":\"https:\\\/\\\/www.alongavecanna.com\\\/fr\\\/produit\\\/calendrier-de-lavent-golden-hour\\\/#breadcrumb\",\"itemListElement\":[{\"@type\":\"ListItem\",\"position\":1,\"name\":\"Home\",\"item\":\"https:\\\/\\\/www.alongavecanna.com\\\/fr\\\/\"},{\"@type\":\"ListItem\",\"position\":2,\"name\":\"Produits\",\"item\":\"https:\\\/\\\/www.alongavecanna.com\\\/fr\\\/shop\\\/\"},{\"@type\":\"ListItem\",\"position\":3,\"name\":\"Calendrier de l&#8217;Avent &#8211; Golden Hour\"}]},{\"@type\":\"WebSite\",\"@id\":\"https:\\\/\\\/www.alongavecanna.com\\\/fr\\\/#website\",\"url\":\"https:\\\/\\\/www.alongavecanna.com\\\/fr\\\/\",\"name\":\"Along Avec Anna\",\"description\":\"Ethical yarn &amp; timeless knitting patterns\",\"publisher\":{\"@id\":\"https:\\\/\\\/www.alongavecanna.com\\\/fr\\\/#organization\"},\"potentialAction\":[{\"@type\":\"SearchAction\",\"target\":{\"@type\":\"EntryPoint\",\"urlTemplate\":\"https:\\\/\\\/www.alongavecanna.com\\\/fr\\\/?s={search_term_string}\"},\"query-input\":{\"@type\":\"PropertyValueSpecification\",\"valueRequired\":true,\"valueName\":\"search_term_string\"}}],\"inLanguage\":\"fr-FR\"},{\"@type\":\"Organization\",\"@id\":\"https:\\\/\\\/www.alongavecanna.com\\\/fr\\\/#organization\",\"name\":\"Along Avec Anna\",\"url\":\"https:\\\/\\\/www.alongavecanna.com\\\/fr\\\/\",\"logo\":{\"@type\":\"ImageObject\",\"inLanguage\":\"fr-FR\",\"@id\":\"https:\\\/\\\/www.alongavecanna.com\\\/fr\\\/#\\\/schema\\\/logo\\\/image\\\/\",\"url\":\"https:\\\/\\\/www.alongavecanna.com\\\/wp-content\\\/uploads\\\/2023\\\/01\\\/logo-along-avec-anna.png\",\"contentUrl\":\"https:\\\/\\\/www.alongavecanna.com\\\/wp-content\\\/uploads\\\/2023\\\/01\\\/logo-along-avec-anna.png\",\"width\":1728,\"height\":627,\"caption\":\"Along Avec Anna\"},\"image\":{\"@id\":\"https:\\\/\\\/www.alongavecanna.com\\\/fr\\\/#\\\/schema\\\/logo\\\/image\\\/\"},\"sameAs\":[\"https:\\\/\\\/facebook.com\\\/alongavecanna\",\"https:\\\/\\\/www.instagram.com\\\/along.avec.anna\\\/\"]}]}<\/script>\n<!-- \/ Yoast SEO plugin. -->","yoast_head_json":{"title":"Calendrier de l'Avent - Golden Hour - Along Avec Anna","robots":{"index":"index","follow":"follow","max-snippet":"max-snippet:-1","max-image-preview":"max-image-preview:large","max-video-preview":"max-video-preview:-1"},"canonical":"https:\/\/www.alongavecanna.com\/fr\/produit\/calendrier-de-lavent-golden-hour\/","og_locale":"fr_FR","og_type":"article","og_title":"Calendrier de l'Avent - Golden Hour - Along Avec Anna","og_description":"Il s'agit d'une pr\u00e9commande pour notre calendrier de l'Avent 2026. Le th\u00e8me de cette ann\u00e9e, Wrapped in Romance, est inspir\u00e9 par la dentelle vintage, les rubans doux et les tr\u00e9sors intemporels faits \u00e0 la main. Chaque projet a \u00e9t\u00e9 soigneusement con\u00e7u pour \u00e9voquer un sentiment de nostalgie et d'\u00e9l\u00e9gance hivernale. Notre calendrier de l'Avent contient quatre kits de tricot complets - un \u00e0 ouvrir chaque semaine de d\u00e9cembre. Chaque kit comprend tout ce dont vous avez besoin pour cr\u00e9er un magnifique projet, faisant du compte \u00e0 rebours vers No\u00ebl une exp\u00e9rience relaxante et cr\u00e9ative. Chaque calendrier comprend    4 kits de tricot surprise  4 nouveaux patrons d'accessoires Along avec Anna (en anglais ou en fran\u00e7ais)  Un total de 350g de notre fil Along avec Anna, dans plusieurs de nos bases en pelotes et en \u00e9cheveaux  Des cadeaux surprises !  &nbsp; Vous aurez le choix de 2 th\u00e8mes de coloris, dont celui-ci est : - Golden Hour  Comme toujours, le nombre est limit\u00e9 - r\u00e9servez votre calendrier avant qu'il ne soit \u00e9puis\u00e9 ! \ud83c\udf80 Les calendriers seront exp\u00e9di\u00e9s en octobre, bien \u00e0 temps pour ouvrir votre premier kit au d\u00e9but du mois de d\u00e9cembre. Notez qu'\u00e9tant donn\u00e9 que le poids du colis devrait \u00eatre sup\u00e9rieur \u00e0 1 kg, nous ne proposons le service suivi pour ce produit que pour les commandes internationales, car il revient au m\u00eame prix que le service standard et est plus s\u00fbr.","og_url":"https:\/\/www.alongavecanna.com\/fr\/produit\/calendrier-de-lavent-golden-hour\/","og_site_name":"Along Avec Anna","article_publisher":"https:\/\/facebook.com\/alongavecanna","article_modified_time":"2026-04-29T09:01:13+00:00","og_image":[{"width":724,"height":1024,"url":"https:\/\/www.alongavecanna.com\/wp-content\/uploads\/2026\/03\/Golden-Hour-724x1024.png","type":"image\/png"}],"twitter_card":"summary_large_image","schema":{"@context":"https:\/\/schema.org","@graph":[{"@type":"WebPage","@id":"https:\/\/www.alongavecanna.com\/fr\/produit\/calendrier-de-lavent-golden-hour\/","url":"https:\/\/www.alongavecanna.com\/fr\/produit\/calendrier-de-lavent-golden-hour\/","name":"Calendrier de l'Avent - Golden Hour - Along Avec Anna","isPartOf":{"@id":"https:\/\/www.alongavecanna.com\/fr\/#website"},"primaryImageOfPage":{"@id":"https:\/\/www.alongavecanna.com\/fr\/produit\/calendrier-de-lavent-golden-hour\/#primaryimage"},"image":{"@id":"https:\/\/www.alongavecanna.com\/fr\/produit\/calendrier-de-lavent-golden-hour\/#primaryimage"},"thumbnailUrl":"https:\/\/www.alongavecanna.com\/wp-content\/uploads\/2026\/03\/Golden-Hour-scaled.png","datePublished":"2026-03-26T11:44:16+00:00","dateModified":"2026-04-29T09:01:13+00:00","breadcrumb":{"@id":"https:\/\/www.alongavecanna.com\/fr\/produit\/calendrier-de-lavent-golden-hour\/#breadcrumb"},"inLanguage":"fr-FR","potentialAction":[{"@type":"ReadAction","target":["https:\/\/www.alongavecanna.com\/fr\/produit\/calendrier-de-lavent-golden-hour\/"]}]},{"@type":"ImageObject","inLanguage":"fr-FR","@id":"https:\/\/www.alongavecanna.com\/fr\/produit\/calendrier-de-lavent-golden-hour\/#primaryimage","url":"https:\/\/www.alongavecanna.com\/wp-content\/uploads\/2026\/03\/Golden-Hour-scaled.png","contentUrl":"https:\/\/www.alongavecanna.com\/wp-content\/uploads\/2026\/03\/Golden-Hour-scaled.png","width":1810,"height":2560},{"@type":"BreadcrumbList","@id":"https:\/\/www.alongavecanna.com\/fr\/produit\/calendrier-de-lavent-golden-hour\/#breadcrumb","itemListElement":[{"@type":"ListItem","position":1,"name":"Home","item":"https:\/\/www.alongavecanna.com\/fr\/"},{"@type":"ListItem","position":2,"name":"Produits","item":"https:\/\/www.alongavecanna.com\/fr\/shop\/"},{"@type":"ListItem","position":3,"name":"Calendrier de l&#8217;Avent &#8211; Golden Hour"}]},{"@type":"WebSite","@id":"https:\/\/www.alongavecanna.com\/fr\/#website","url":"https:\/\/www.alongavecanna.com\/fr\/","name":"Along Avec Anna","description":"Ethical yarn &amp; timeless knitting patterns","publisher":{"@id":"https:\/\/www.alongavecanna.com\/fr\/#organization"},"potentialAction":[{"@type":"SearchAction","target":{"@type":"EntryPoint","urlTemplate":"https:\/\/www.alongavecanna.com\/fr\/?s={search_term_string}"},"query-input":{"@type":"PropertyValueSpecification","valueRequired":true,"valueName":"search_term_string"}}],"inLanguage":"fr-FR"},{"@type":"Organization","@id":"https:\/\/www.alongavecanna.com\/fr\/#organization","name":"Along Avec Anna","url":"https:\/\/www.alongavecanna.com\/fr\/","logo":{"@type":"ImageObject","inLanguage":"fr-FR","@id":"https:\/\/www.alongavecanna.com\/fr\/#\/schema\/logo\/image\/","url":"https:\/\/www.alongavecanna.com\/wp-content\/uploads\/2023\/01\/logo-along-avec-anna.png","contentUrl":"https:\/\/www.alongavecanna.com\/wp-content\/uploads\/2023\/01\/logo-along-avec-anna.png","width":1728,"height":627,"caption":"Along Avec Anna"},"image":{"@id":"https:\/\/www.alongavecanna.com\/fr\/#\/schema\/logo\/image\/"},"sameAs":["https:\/\/facebook.com\/alongavecanna","https:\/\/www.instagram.com\/along.avec.anna\/"]}]}},"_links":{"self":[{"href":"https:\/\/www.alongavecanna.com\/fr\/wp-json\/wp\/v2\/product\/78955","targetHints":{"allow":["GET"]}}],"collection":[{"href":"https:\/\/www.alongavecanna.com\/fr\/wp-json\/wp\/v2\/product"}],"about":[{"href":"https:\/\/www.alongavecanna.com\/fr\/wp-json\/wp\/v2\/types\/product"}],"replies":[{"embeddable":true,"href":"https:\/\/www.alongavecanna.com\/fr\/wp-json\/wp\/v2\/comments?post=78955"}],"version-history":[{"count":4,"href":"https:\/\/www.alongavecanna.com\/fr\/wp-json\/wp\/v2\/product\/78955\/revisions"}],"predecessor-version":[{"id":79188,"href":"https:\/\/www.alongavecanna.com\/fr\/wp-json\/wp\/v2\/product\/78955\/revisions\/79188"}],"wp:featuredmedia":[{"embeddable":true,"href":"https:\/\/www.alongavecanna.com\/fr\/wp-json\/wp\/v2\/media\/78959"}],"wp:attachment":[{"href":"https:\/\/www.alongavecanna.com\/fr\/wp-json\/wp\/v2\/media?parent=78955"}],"wp:term":[{"taxonomy":"product_brand","embeddable":true,"href":"https:\/\/www.alongavecanna.com\/fr\/wp-json\/wp\/v2\/product_brand?post=78955"},{"taxonomy":"product_cat","embeddable":true,"href":"https:\/\/www.alongavecanna.com\/fr\/wp-json\/wp\/v2\/product_cat?post=78955"},{"taxonomy":"product_tag","embeddable":true,"href":"https:\/\/www.alongavecanna.com\/fr\/wp-json\/wp\/v2\/product_tag?post=78955"}],"curies":[{"name":"wp","href":"https:\/\/api.w.org\/{rel}","templated":true}]}}