{"id":51777,"date":"2020-03-26T16:11:45","date_gmt":"2020-03-26T16:11:45","guid":{"rendered":"https:\/\/preprod.alongavecanna.com\/product\/charlies-day-set\/"},"modified":"2023-02-10T21:00:39","modified_gmt":"2023-02-10T21:00:39","slug":"charlies-day-set","status":"publish","type":"product","link":"https:\/\/www.alongavecanna.com\/fr\/produit\/charlies-day-set\/","title":{"rendered":"Charlie&rsquo;s Day Set"},"content":{"rendered":"<p style=\"text-align: justify;\"><strong>Tailles<\/strong><br \/>\n<em>B\u00e9guin <\/em>: naissance, 0-3 (3-6, 6-9) 9-12, 12-24 mois<br \/>\n<em>Gilet et pantalon <\/em>: naissance, 3 (6, 9, 12) 18, 24 mois<\/p>\n<p style=\"text-align: justify;\"><strong>Echantillon <\/strong>: 23 m x 31 rgs = 10 cm en jersey en aiguilles 4mm\/US 6 (ou autre taille d\u00e9pendant de votre \u00e9chantillon).<\/p>\n<p style=\"text-align: justify;\"><strong>Laine DK <\/strong>: Double Merino &#8211; Along avec Anna<\/p>\n<p style=\"text-align: justify;\"><em>B\u00e9guin <\/em>: 55, 65 (70, 80) 90, 100 m de CP et 20 m de CC<br \/>\n<em>Gilet <\/em>: 180, 200 (230, 250, 280) 300, 330 m de CP et 45, 50 (60, 65, 70) 80, 80 m de CC<br \/>\n<em>Pantalon <\/em>: 170, 190 (230, 260, 320) 350, 380 m de CP et 40 m de CC<\/p>\n<p style=\"text-align: justify;\"><em>Sample version <\/em>:<br \/>\nTaille naissance et 6 mois.<\/p>\n<p style=\"text-align: justify;\"><strong>Aiguilles pr\u00e9conis\u00e9es <\/strong>(si votre \u00e9chantillon correspond bien) : mm\/US 6 pour le jersey, 3.75mm\/US 5 pour les c\u00f4tes, 2.75mm pour l\u2019Icord<\/p>\n<p style=\"text-align: justify;\"><strong>Mat\u00e9riel <\/strong>: Anneaux marqueurs, morceaux de laine pour mettre les mailles en attente, aiguille \u00e0 laine pour rentrer les fils, 5 boutons de 15 mm, un \u00e9lastique de 2 cm de largeur, un appareil \u00e0 faire des pompoms de 35mm<\/p>\n<p style=\"text-align: justify;\">Ce patron <strong>est un pdf num\u00e9rique<\/strong>.<\/p>\n","protected":false},"excerpt":{"rendered":"<p><strong>Charlie\u2019s day set<\/strong> est un ensemble de trois pi\u00e8ces \u00e0 tricoter : un b\u00e9guin qui se noue sous le menton avec un Icord, un gilet marini\u00e8re et un petit pantalon avec ceinture \u00e9lastiqu\u00e9e.<\/p>\n<p>Le gilet et le pantalon se tricotent du haut vers le bas tandis que le b\u00e9guin se tricote du bord vers la couronne. Les trois patrons font intervenir la technique du tricot en rond avec des aiguilles circulaires, et au besoin, des aiguilles double-pointes. Les finitions du b\u00e9guin et du pantalon sont termin\u00e9es avec un Icord et des petits pompoms.<\/p>\n","protected":false},"featured_media":51776,"comment_status":"closed","ping_status":"closed","template":"","meta":[],"product_brand":[],"product_cat":[380,379,376,386,381],"product_tag":[267],"class_list":{"0":"post-51777","1":"product","2":"type-product","3":"status-publish","4":"has-post-thumbnail","6":"product_cat-patrons-anglais","7":"product_cat-patrons-danois","8":"product_cat-patrons-de-tricot","9":"product_cat-patrons-enfant","10":"product_cat-patrons-francais","11":"product_tag-gilet-fr","13":"first","14":"instock","15":"downloadable","16":"virtual","17":"taxable","18":"purchasable","19":"product-type-simple"},"yoast_head":"<!-- This site is optimized with the Yoast SEO plugin v27.4 - https:\/\/yoast.com\/product\/yoast-seo-wordpress\/ -->\n<title>Charlie&#039;s Day Set - Along Avec Anna<\/title>\n<meta name=\"robots\" content=\"index, follow, max-snippet:-1, max-image-preview:large, max-video-preview:-1\" \/>\n<link rel=\"canonical\" href=\"https:\/\/www.alongavecanna.com\/fr\/produit\/charlies-day-set\/\" \/>\n<meta property=\"og:locale\" content=\"fr_FR\" \/>\n<meta property=\"og:type\" content=\"article\" \/>\n<meta property=\"og:title\" content=\"Charlie&#039;s Day Set - Along Avec Anna\" \/>\n<meta property=\"og:description\" content=\"Charlie\u2019s day set est un ensemble de trois pi\u00e8ces \u00e0 tricoter : un b\u00e9guin qui se noue sous le menton avec un Icord, un gilet marini\u00e8re et un petit pantalon avec ceinture \u00e9lastiqu\u00e9e. Le gilet et le pantalon se tricotent du haut vers le bas tandis que le b\u00e9guin se tricote du bord vers la couronne. Les trois patrons font intervenir la technique du tricot en rond avec des aiguilles circulaires, et au besoin, des aiguilles double-pointes. Les finitions du b\u00e9guin et du pantalon sont termin\u00e9es avec un Icord et des petits pompoms.\" \/>\n<meta property=\"og:url\" content=\"https:\/\/www.alongavecanna.com\/fr\/produit\/charlies-day-set\/\" \/>\n<meta property=\"og:site_name\" content=\"Along Avec Anna\" \/>\n<meta property=\"article:publisher\" content=\"https:\/\/facebook.com\/alongavecanna\" \/>\n<meta property=\"article:modified_time\" content=\"2023-02-10T21:00:39+00:00\" \/>\n<meta property=\"og:image\" content=\"https:\/\/www.alongavecanna.com\/wp-content\/uploads\/2020\/03\/along_avec_anna_charlies_day_set_3.jpg\" \/>\n\t<meta property=\"og:image:width\" content=\"1280\" \/>\n\t<meta property=\"og:image:height\" content=\"1714\" \/>\n\t<meta property=\"og:image:type\" content=\"image\/jpeg\" \/>\n<meta name=\"twitter:card\" content=\"summary_large_image\" \/>\n<meta name=\"twitter:label1\" content=\"Dur\u00e9e de lecture estim\u00e9e\" \/>\n\t<meta name=\"twitter:data1\" content=\"1 minute\" \/>\n<script type=\"application\/ld+json\" class=\"yoast-schema-graph\">{\"@context\":\"https:\\\/\\\/schema.org\",\"@graph\":[{\"@type\":\"WebPage\",\"@id\":\"https:\\\/\\\/www.alongavecanna.com\\\/fr\\\/produit\\\/charlies-day-set\\\/\",\"url\":\"https:\\\/\\\/www.alongavecanna.com\\\/fr\\\/produit\\\/charlies-day-set\\\/\",\"name\":\"Charlie's Day Set - Along Avec Anna\",\"isPartOf\":{\"@id\":\"https:\\\/\\\/www.alongavecanna.com\\\/fr\\\/#website\"},\"primaryImageOfPage\":{\"@id\":\"https:\\\/\\\/www.alongavecanna.com\\\/fr\\\/produit\\\/charlies-day-set\\\/#primaryimage\"},\"image\":{\"@id\":\"https:\\\/\\\/www.alongavecanna.com\\\/fr\\\/produit\\\/charlies-day-set\\\/#primaryimage\"},\"thumbnailUrl\":\"https:\\\/\\\/www.alongavecanna.com\\\/wp-content\\\/uploads\\\/2020\\\/03\\\/along_avec_anna_charlies_day_set_3.jpg\",\"datePublished\":\"2020-03-26T16:11:45+00:00\",\"dateModified\":\"2023-02-10T21:00:39+00:00\",\"breadcrumb\":{\"@id\":\"https:\\\/\\\/www.alongavecanna.com\\\/fr\\\/produit\\\/charlies-day-set\\\/#breadcrumb\"},\"inLanguage\":\"fr-FR\",\"potentialAction\":[{\"@type\":\"ReadAction\",\"target\":[\"https:\\\/\\\/www.alongavecanna.com\\\/fr\\\/produit\\\/charlies-day-set\\\/\"]}]},{\"@type\":\"ImageObject\",\"inLanguage\":\"fr-FR\",\"@id\":\"https:\\\/\\\/www.alongavecanna.com\\\/fr\\\/produit\\\/charlies-day-set\\\/#primaryimage\",\"url\":\"https:\\\/\\\/www.alongavecanna.com\\\/wp-content\\\/uploads\\\/2020\\\/03\\\/along_avec_anna_charlies_day_set_3.jpg\",\"contentUrl\":\"https:\\\/\\\/www.alongavecanna.com\\\/wp-content\\\/uploads\\\/2020\\\/03\\\/along_avec_anna_charlies_day_set_3.jpg\",\"width\":1280,\"height\":1714},{\"@type\":\"BreadcrumbList\",\"@id\":\"https:\\\/\\\/www.alongavecanna.com\\\/fr\\\/produit\\\/charlies-day-set\\\/#breadcrumb\",\"itemListElement\":[{\"@type\":\"ListItem\",\"position\":1,\"name\":\"Home\",\"item\":\"https:\\\/\\\/www.alongavecanna.com\\\/fr\\\/\"},{\"@type\":\"ListItem\",\"position\":2,\"name\":\"Produits\",\"item\":\"https:\\\/\\\/www.alongavecanna.com\\\/fr\\\/shop\\\/\"},{\"@type\":\"ListItem\",\"position\":3,\"name\":\"Charlie&rsquo;s Day Set\"}]},{\"@type\":\"WebSite\",\"@id\":\"https:\\\/\\\/www.alongavecanna.com\\\/fr\\\/#website\",\"url\":\"https:\\\/\\\/www.alongavecanna.com\\\/fr\\\/\",\"name\":\"Along Avec Anna\",\"description\":\"Ethical yarn &amp; timeless knitting patterns\",\"publisher\":{\"@id\":\"https:\\\/\\\/www.alongavecanna.com\\\/fr\\\/#organization\"},\"potentialAction\":[{\"@type\":\"SearchAction\",\"target\":{\"@type\":\"EntryPoint\",\"urlTemplate\":\"https:\\\/\\\/www.alongavecanna.com\\\/fr\\\/?s={search_term_string}\"},\"query-input\":{\"@type\":\"PropertyValueSpecification\",\"valueRequired\":true,\"valueName\":\"search_term_string\"}}],\"inLanguage\":\"fr-FR\"},{\"@type\":\"Organization\",\"@id\":\"https:\\\/\\\/www.alongavecanna.com\\\/fr\\\/#organization\",\"name\":\"Along Avec Anna\",\"url\":\"https:\\\/\\\/www.alongavecanna.com\\\/fr\\\/\",\"logo\":{\"@type\":\"ImageObject\",\"inLanguage\":\"fr-FR\",\"@id\":\"https:\\\/\\\/www.alongavecanna.com\\\/fr\\\/#\\\/schema\\\/logo\\\/image\\\/\",\"url\":\"https:\\\/\\\/www.alongavecanna.com\\\/wp-content\\\/uploads\\\/2023\\\/01\\\/logo-along-avec-anna.png\",\"contentUrl\":\"https:\\\/\\\/www.alongavecanna.com\\\/wp-content\\\/uploads\\\/2023\\\/01\\\/logo-along-avec-anna.png\",\"width\":1728,\"height\":627,\"caption\":\"Along Avec Anna\"},\"image\":{\"@id\":\"https:\\\/\\\/www.alongavecanna.com\\\/fr\\\/#\\\/schema\\\/logo\\\/image\\\/\"},\"sameAs\":[\"https:\\\/\\\/facebook.com\\\/alongavecanna\",\"https:\\\/\\\/www.instagram.com\\\/along.avec.anna\\\/\"]}]}<\/script>\n<!-- \/ Yoast SEO plugin. -->","yoast_head_json":{"title":"Charlie's Day Set - Along Avec Anna","robots":{"index":"index","follow":"follow","max-snippet":"max-snippet:-1","max-image-preview":"max-image-preview:large","max-video-preview":"max-video-preview:-1"},"canonical":"https:\/\/www.alongavecanna.com\/fr\/produit\/charlies-day-set\/","og_locale":"fr_FR","og_type":"article","og_title":"Charlie's Day Set - Along Avec Anna","og_description":"Charlie\u2019s day set est un ensemble de trois pi\u00e8ces \u00e0 tricoter : un b\u00e9guin qui se noue sous le menton avec un Icord, un gilet marini\u00e8re et un petit pantalon avec ceinture \u00e9lastiqu\u00e9e. Le gilet et le pantalon se tricotent du haut vers le bas tandis que le b\u00e9guin se tricote du bord vers la couronne. Les trois patrons font intervenir la technique du tricot en rond avec des aiguilles circulaires, et au besoin, des aiguilles double-pointes. Les finitions du b\u00e9guin et du pantalon sont termin\u00e9es avec un Icord et des petits pompoms.","og_url":"https:\/\/www.alongavecanna.com\/fr\/produit\/charlies-day-set\/","og_site_name":"Along Avec Anna","article_publisher":"https:\/\/facebook.com\/alongavecanna","article_modified_time":"2023-02-10T21:00:39+00:00","og_image":[{"width":1280,"height":1714,"url":"https:\/\/www.alongavecanna.com\/wp-content\/uploads\/2020\/03\/along_avec_anna_charlies_day_set_3.jpg","type":"image\/jpeg"}],"twitter_card":"summary_large_image","twitter_misc":{"Dur\u00e9e de lecture estim\u00e9e":"1 minute"},"schema":{"@context":"https:\/\/schema.org","@graph":[{"@type":"WebPage","@id":"https:\/\/www.alongavecanna.com\/fr\/produit\/charlies-day-set\/","url":"https:\/\/www.alongavecanna.com\/fr\/produit\/charlies-day-set\/","name":"Charlie's Day Set - Along Avec Anna","isPartOf":{"@id":"https:\/\/www.alongavecanna.com\/fr\/#website"},"primaryImageOfPage":{"@id":"https:\/\/www.alongavecanna.com\/fr\/produit\/charlies-day-set\/#primaryimage"},"image":{"@id":"https:\/\/www.alongavecanna.com\/fr\/produit\/charlies-day-set\/#primaryimage"},"thumbnailUrl":"https:\/\/www.alongavecanna.com\/wp-content\/uploads\/2020\/03\/along_avec_anna_charlies_day_set_3.jpg","datePublished":"2020-03-26T16:11:45+00:00","dateModified":"2023-02-10T21:00:39+00:00","breadcrumb":{"@id":"https:\/\/www.alongavecanna.com\/fr\/produit\/charlies-day-set\/#breadcrumb"},"inLanguage":"fr-FR","potentialAction":[{"@type":"ReadAction","target":["https:\/\/www.alongavecanna.com\/fr\/produit\/charlies-day-set\/"]}]},{"@type":"ImageObject","inLanguage":"fr-FR","@id":"https:\/\/www.alongavecanna.com\/fr\/produit\/charlies-day-set\/#primaryimage","url":"https:\/\/www.alongavecanna.com\/wp-content\/uploads\/2020\/03\/along_avec_anna_charlies_day_set_3.jpg","contentUrl":"https:\/\/www.alongavecanna.com\/wp-content\/uploads\/2020\/03\/along_avec_anna_charlies_day_set_3.jpg","width":1280,"height":1714},{"@type":"BreadcrumbList","@id":"https:\/\/www.alongavecanna.com\/fr\/produit\/charlies-day-set\/#breadcrumb","itemListElement":[{"@type":"ListItem","position":1,"name":"Home","item":"https:\/\/www.alongavecanna.com\/fr\/"},{"@type":"ListItem","position":2,"name":"Produits","item":"https:\/\/www.alongavecanna.com\/fr\/shop\/"},{"@type":"ListItem","position":3,"name":"Charlie&rsquo;s Day Set"}]},{"@type":"WebSite","@id":"https:\/\/www.alongavecanna.com\/fr\/#website","url":"https:\/\/www.alongavecanna.com\/fr\/","name":"Along Avec Anna","description":"Ethical yarn &amp; timeless knitting patterns","publisher":{"@id":"https:\/\/www.alongavecanna.com\/fr\/#organization"},"potentialAction":[{"@type":"SearchAction","target":{"@type":"EntryPoint","urlTemplate":"https:\/\/www.alongavecanna.com\/fr\/?s={search_term_string}"},"query-input":{"@type":"PropertyValueSpecification","valueRequired":true,"valueName":"search_term_string"}}],"inLanguage":"fr-FR"},{"@type":"Organization","@id":"https:\/\/www.alongavecanna.com\/fr\/#organization","name":"Along Avec Anna","url":"https:\/\/www.alongavecanna.com\/fr\/","logo":{"@type":"ImageObject","inLanguage":"fr-FR","@id":"https:\/\/www.alongavecanna.com\/fr\/#\/schema\/logo\/image\/","url":"https:\/\/www.alongavecanna.com\/wp-content\/uploads\/2023\/01\/logo-along-avec-anna.png","contentUrl":"https:\/\/www.alongavecanna.com\/wp-content\/uploads\/2023\/01\/logo-along-avec-anna.png","width":1728,"height":627,"caption":"Along Avec Anna"},"image":{"@id":"https:\/\/www.alongavecanna.com\/fr\/#\/schema\/logo\/image\/"},"sameAs":["https:\/\/facebook.com\/alongavecanna","https:\/\/www.instagram.com\/along.avec.anna\/"]}]}},"_links":{"self":[{"href":"https:\/\/www.alongavecanna.com\/fr\/wp-json\/wp\/v2\/product\/51777","targetHints":{"allow":["GET"]}}],"collection":[{"href":"https:\/\/www.alongavecanna.com\/fr\/wp-json\/wp\/v2\/product"}],"about":[{"href":"https:\/\/www.alongavecanna.com\/fr\/wp-json\/wp\/v2\/types\/product"}],"replies":[{"embeddable":true,"href":"https:\/\/www.alongavecanna.com\/fr\/wp-json\/wp\/v2\/comments?post=51777"}],"version-history":[{"count":0,"href":"https:\/\/www.alongavecanna.com\/fr\/wp-json\/wp\/v2\/product\/51777\/revisions"}],"wp:featuredmedia":[{"embeddable":true,"href":"https:\/\/www.alongavecanna.com\/fr\/wp-json\/wp\/v2\/media\/51776"}],"wp:attachment":[{"href":"https:\/\/www.alongavecanna.com\/fr\/wp-json\/wp\/v2\/media?parent=51777"}],"wp:term":[{"taxonomy":"product_brand","embeddable":true,"href":"https:\/\/www.alongavecanna.com\/fr\/wp-json\/wp\/v2\/product_brand?post=51777"},{"taxonomy":"product_cat","embeddable":true,"href":"https:\/\/www.alongavecanna.com\/fr\/wp-json\/wp\/v2\/product_cat?post=51777"},{"taxonomy":"product_tag","embeddable":true,"href":"https:\/\/www.alongavecanna.com\/fr\/wp-json\/wp\/v2\/product_tag?post=51777"}],"curies":[{"name":"wp","href":"https:\/\/api.w.org\/{rel}","templated":true}]}}